{"id":259,"date":"2020-10-22T09:53:00","date_gmt":"2020-10-22T09:53:00","guid":{"rendered":"https:\/\/www.edite-de-paris.fr\/?page_id=259"},"modified":"2026-01-21T11:51:24","modified_gmt":"2026-01-21T10:51:24","slug":"inscription-en-4eme-annee-a-titre-derogatoire","status":"publish","type":"page","link":"https:\/\/edite-de-paris.fr\/index.php\/inscription-en-4eme-annee-a-titre-derogatoire\/","title":{"rendered":"R\u00e9-inscription en 4\u00e8me ann\u00e9e (ou plus) \u00e0 titre d\u00e9rogatoire des doctorants inscrits \u00e0 Sorbonne Universit\u00e9"},"content":{"rendered":"\n<h3 class=\"wp-block-heading\"><strong>Dates d&rsquo;ouverture\/cl\u00f4ture des inscription<\/strong>s :<\/h3>\n\n\n\n<p>Les inscriptions pour l&rsquo;ann\u00e9e universitaire 2025-2026 d\u00e9butent le 23 juin et se terminent le 19 d\u00e9cembre 2025.<\/p>\n\n\n\n<p>Attention pour toute r\u00e9inscription, un comit\u00e9 de suivi doit avoir \u00e9t\u00e9 pr\u00e9alablement r\u00e9alis\u00e9 et envoy\u00e9 \u00e0 l&rsquo;EDITE (<a href=\"mailto:csi@edite-de-paris.fr\">csi@edite-de-paris.fr<\/a>), voir la page d\u00e9di\u00e9e <a href=\"https:\/\/edite-de-paris.fr\/index.php\/comite-de-suivi\/\">ici<\/a><\/p>\n\n\n\n<p>Pour rappel, cette r\u00e9inscription est obligatoire si vous ne soutenez pas <strong>avant le 31 d\u00e9cembre 202<\/strong>5<\/p>\n\n\n\n<p class=\"has-white-color has-text-color\">&#8230;.<\/p>\n\n\n\n<h3 class=\"wp-block-heading\">Contacts:&nbsp;<\/h3>\n\n\n\n<figure class=\"wp-block-table is-style-stripes\"><table class=\"has-background\" style=\"background-color:#e7f5fe\"><tbody><tr><td>Contact p\u00e9dagogique (\u00e9cole doctorale) :&nbsp;&nbsp;<\/td><td><a href=\"mailto:accueil@edite-de-paris.fr\">accueil@edite-de-paris.fr<\/a><\/td><\/tr><tr><td>Contact administratif :<\/td><td><a href=\"mailto:scolarite.doctorat@sorbonne-universite.fr\">scolarite.doctorat@sorbonne-universite.fr<\/a><\/td><\/tr><tr><td>Assistance ADUM :&nbsp;<\/td><td><a href=\"mailto:webmaster@adum.fr\">webmaster@adum.fr<\/a><\/td><\/tr><tr><td>Assistance CVEC :&nbsp;<\/td><td><a href=\"mailto:https:\/\/www.messervices.etudiant.gouv.fr\/envole\/message\/new\">Formulaire d\u2019assistance<\/a><\/td><\/tr><\/tbody><\/table><\/figure>\n\n\n\n<p>Pour rappel, l\u2019\u00e9cole doctorale n\u2019a comp\u00e9tence \u00e0 r\u00e9pondre que sur les&nbsp;<strong>questions\/probl\u00e9matiques p\u00e9dagogiques<\/strong><\/p>\n\n\n\n<h2 class=\"wp-block-heading\">Inscription administrative sur ADUM<\/h2>\n\n\n\n<p>Votre inscription administrative s\u2019effectue en deux temps&nbsp;:&nbsp;<\/p>\n\n\n\n<ul class=\"wp-block-list\">\n<li>Etude de votre dossier et validation&nbsp;<strong>p\u00e9dagogique<\/strong>&nbsp;par&nbsp;<strong>l\u2019\u00e9cole doctorale<\/strong>&nbsp;sur ADUM&nbsp;<\/li>\n\n\n\n<li>Etude de votre dossier et validation&nbsp;<strong>administrative<\/strong>&nbsp;par le&nbsp;<strong>Bureau d\u2019Accueil des doctorants (BAD<\/strong>) sur ADUM, apr\u00e8s validation de l\u2019\u00e9cole doctorale.&nbsp;&nbsp;<\/li>\n<\/ul>\n\n\n\n<p><em><strong>Votre certificat de scolarit\u00e9 est \u00e9mis&nbsp;<u>par le BAD<\/u>&nbsp;UNIQUEMENT et apr\u00e8s finalisation de toutes les \u00e9tapes de votre inscription administrative et validation par le BAD.&nbsp;<\/strong><\/em><\/p>\n\n\n\n<figure class=\"wp-block-table is-style-stripes\"><table class=\"has-background\" style=\"background-color:#e7f5fe\"><tbody><tr><td>(*)&nbsp;<strong><u>A SAVOIR SUR LES SIGNATURES REQUISES<\/u>&nbsp;:<\/strong><\/td><\/tr><tr><td>Tout document n\u00e9cessitant d\u2019une ou plusieurs signatures doit \u00eatre&nbsp;<strong>IMPERATIVEMENT&nbsp;<span><b>sign\u00e9 <\/b><span style=\"font-weight: 600;\">gr<\/span><\/span>\u00e2ce \u00e0 un logiciel directement sur le fichier PDF.<\/strong> Les documents imprim\u00e9s, sign\u00e9s et scann\u00e9s ne seront pas recevables.&nbsp;<\/td><\/tr><\/tbody><\/table><\/figure>\n\n\n\n<h4 class=\"wp-block-heading\"><strong>Se connecter sur votre compte sur ADUM<\/strong>&nbsp;depuis le lien&nbsp;<a href=\"https:\/\/www.adum.fr\/phd\/profil\/initcpt.pl\">https:\/\/ww<strong>w.adum.fr<\/strong><\/a><\/h4>\n\n\n\n<p>Compl\u00e9ter l\u2019ensemble des champs et les rubriques r\u00e9serv\u00e9s \u00e0 l\u2019inscription et sauvegarder.&nbsp;<\/p>\n\n\n\n<h4 class=\"wp-block-heading\"><strong>D\u00e9poser les pi\u00e8ces justificatives sur&nbsp;<a href=\"https:\/\/www.adum.fr\/\">ADUM<\/a>&nbsp;(espaces d\u00e9di\u00e9s) :&nbsp;<\/strong><\/h4>\n\n\n\n<p><strong><em>Pour la validation p\u00e9dagogique de votre dossier,&nbsp;<\/em><\/strong>sous forme d\u2019un fichier pdf unique:&nbsp;<\/p>\n\n\n\n<ol class=\"wp-block-list\">\n<li><strong>Copie du contrat de travail ou attestation d\u2019embauche&nbsp;de la DRH de l\u2019employeur ou&nbsp;attestation de bourse&nbsp;du gouvernement fran\u00e7ais ou d\u2019un gouvernement \u00e9tranger<\/strong>&nbsp;justifiant votre financement jusqu\u2019au jour de votre soutenance<\/li>\n\n\n\n<li><strong>Avis motiv\u00e9<\/strong>&nbsp;de votre directeur de th\u00e8se&nbsp;<\/li>\n\n\n\n<li><strong><strong>Calendrier de r\u00e9daction&nbsp;<\/strong>du manuscrit \/ calendrier de fin de th\u00e8se<\/strong><\/li>\n\n\n\n<li><strong><strong>Sommaire d\u00e9taill\u00e9 du manuscrit<\/strong><\/strong><\/li>\n\n\n\n<li><strong><strong>Date pr\u00e9visionnelle de soutenance<\/strong><\/strong><\/li>\n\n\n\n<li><strong><strong>Proposition de jury de soutenance<\/strong><\/strong><\/li>\n<\/ol>\n\n\n\n<p class=\"has-white-color has-text-color\">bv<\/p>\n\n\n\n<p><strong><em>Pour la validation administrative de votre dossier, &nbsp;<\/em><\/strong>sous forme d\u2019un fichier pdf unique :<\/p>\n\n\n\n<ol class=\"wp-block-list\">\n<li><strong>Copie du contrat de travail ou attestation d\u2019embauche&nbsp;<\/strong>de la DRH de l\u2019employeur ou&nbsp;<strong>attestation de bourse&nbsp;<\/strong>du gouvernement fran\u00e7ais ou d\u2019un gouvernement \u00e9tranger indiquant les dates de d\u00e9but et de fin du contrat ainsi que le montant mensuel net per\u00e7u.&nbsp;<em>Pour rappel, vous devez \u00eatre financ\u00e9 jusqu\u2019au jour de votre soutenance&nbsp;<\/em><\/li>\n\n\n\n<li>Les \u00e9ventuels&nbsp;<strong>arr\u00eats de maladie\/maternit\u00e9<\/strong><\/li>\n\n\n\n<li>Un rapport d\u2019<strong>avancement des travaux<\/strong><\/li>\n\n\n\n<li><strong>Le calendrier de r\u00e9daction&nbsp;<\/strong>du manuscrit et\/ou le plan de th\u00e8se&nbsp;<\/li>\n<\/ol>\n\n\n\n<p>Puis<strong>, s\u00e9par\u00e9ment<\/strong>, dans l\u2019espace ADUM d\u00e9di\u00e9&nbsp;:<\/p>\n\n\n\n<ol class=\"wp-block-list\">\n<li><strong>Compte rendu du dernier comit\u00e9 de suivi individuel de th\u00e8se&nbsp;<\/strong>sign\u00e9(*)&nbsp;par les experts.       Attention ! Si la date de la soutenance n&rsquo;est pas encore fix\u00e9e sur ADUM, la phrase par d\u00e9faut du CSI \u00ab\u00a0Nous attestons qu\u2019\u00e0 ce jour, toutes les conditions sont remplies afin que le doctorant\/e soutienne dans les d\u00e9lais impartis.\u00a0\u00bb n&rsquo;est pas acceptable. Il faudra au moins un paragraphe sp\u00e9cifique au cas particulier du ou de la doctorant(e).<\/li>\n\n\n\n<li>&nbsp;<strong>Attestation de paiement de la CVEC 2023\/2024<\/strong>:&nbsp;https:\/\/cvec.etudiant.gouv.fr\/&nbsp;Une fois que votre demande d\u2019inscription sera valid\u00e9e par l\u2019\u00e9cole doctorale, vous recevrez un email automatique vous invitant \u00e0 d\u00e9poser votre attestation CVEC dans votre compte ADUM.&nbsp;<\/li>\n<\/ol>\n\n\n\n<p class=\"has-white-color has-text-color\">&#8230;&#8230;.<\/p>\n\n\n\n<h2 class=\"wp-block-heading\">Finalisation de votre inscription sur ADUM<\/h2>\n\n\n\n<p>Apr\u00e8s avoir renseign\u00e9 tous les champs et d\u00e9poser l\u2019ensemble des pi\u00e8ces requises, Cliquer sur&nbsp;<strong><em>\u00abTransmission des donn\u00e9es\u00bb<\/em><\/strong>&nbsp;dans la rubrique&nbsp;<strong><em>\u00abJe finalise la proc\u00e9dure\u00bb<\/em><\/strong><\/p>\n\n\n\n<p><a href=\"https:\/\/edite-de-paris.fr\/wp-content\/uploads\/2026\/01\/SU_Checklist_Inscription_ADUM.pdf\">SU_Checklist_Inscription administrative \u2013 \u00e9tablissement<\/a><a href=\"https:\/\/edite-de-paris.fr\/wp-content\/uploads\/2022\/09\/SU_Checklist_Inscription.pdf\">T\u00e9l\u00e9charger<\/a><\/p>\n\n\n\n<h2 class=\"wp-block-heading\">Circuit de validation de votre inscription administrative<\/h2>\n\n\n\n<p>L\u2019ensemble du processus de validation d\u00e9taill\u00e9 ci-dessous s\u2019effectue via ADUM.&nbsp;Aucun dossier papier n\u2019est accept\u00e9.&nbsp;Aucune communication de documents par mail n\u2019est accept\u00e9.<\/p>\n\n\n\n<p><a href=\"https:\/\/edite-de-paris.fr\/wp-content\/uploads\/2026\/01\/SU_Procedure_Reinscription.pdf\" data-type=\"link\" data-id=\"https:\/\/www.edite-de-paris.fr\/wp-content\/uploads\/2025\/06\/PIF_Nom_Prenom_ADUMnumero.docx\">SU_Procedure_Reinscription<\/a><\/p>\n\n\n\n<h4 class=\"wp-block-heading\"><strong>Liens utiles :&nbsp;<\/strong><\/h4>\n\n\n\n<p><a href=\"https:\/\/www.sorbonne-universite.fr\/recherche-et-innovation\/le-doctorat\/demarches-administratives\">https:\/\/www.sorbonne-universite.fr\/recherche-et-innovation\/le-doctorat\/demarches-administratives<\/a><\/p>\n","protected":false},"excerpt":{"rendered":"<p>Dates d&rsquo;ouverture\/cl\u00f4ture des inscriptions : Les inscriptions pour l&rsquo;ann\u00e9e universitaire 2025-2026 d\u00e9butent le 23 juin et se terminent le 19 d\u00e9cembre 2025. Attention pour toute r\u00e9inscription, un comit\u00e9 de suivi doit avoir \u00e9t\u00e9 pr\u00e9alablement r\u00e9alis\u00e9 et envoy\u00e9 \u00e0 l&rsquo;EDITE (csi@edite-de-paris.fr), voir la page d\u00e9di\u00e9e ici Pour rappel, cette r\u00e9inscription est obligatoire si vous ne soutenez [&hellip;]<\/p>\n","protected":false},"author":1,"featured_media":0,"parent":0,"menu_order":0,"comment_status":"closed","ping_status":"closed","template":"","meta":{"footnotes":""},"class_list":["post-259","page","type-page","status-publish","hentry"],"_links":{"self":[{"href":"https:\/\/edite-de-paris.fr\/index.php\/wp-json\/wp\/v2\/pages\/259","targetHints":{"allow":["GET"]}}],"collection":[{"href":"https:\/\/edite-de-paris.fr\/index.php\/wp-json\/wp\/v2\/pages"}],"about":[{"href":"https:\/\/edite-de-paris.fr\/index.php\/wp-json\/wp\/v2\/types\/page"}],"author":[{"embeddable":true,"href":"https:\/\/edite-de-paris.fr\/index.php\/wp-json\/wp\/v2\/users\/1"}],"replies":[{"embeddable":true,"href":"https:\/\/edite-de-paris.fr\/index.php\/wp-json\/wp\/v2\/comments?post=259"}],"version-history":[{"count":12,"href":"https:\/\/edite-de-paris.fr\/index.php\/wp-json\/wp\/v2\/pages\/259\/revisions"}],"predecessor-version":[{"id":4227,"href":"https:\/\/edite-de-paris.fr\/index.php\/wp-json\/wp\/v2\/pages\/259\/revisions\/4227"}],"wp:attachment":[{"href":"https:\/\/edite-de-paris.fr\/index.php\/wp-json\/wp\/v2\/media?parent=259"}],"curies":[{"name":"wp","href":"https:\/\/api.w.org\/{rel}","templated":true}]}}