{"id":384,"date":"2020-09-15T13:05:56","date_gmt":"2020-09-15T13:05:56","guid":{"rendered":"https:\/\/www.edite-de-paris.fr\/?page_id=384"},"modified":"2026-01-21T11:49:20","modified_gmt":"2026-01-21T10:49:20","slug":"re-inscription-en-2eme-ou-3eme-annee","status":"publish","type":"page","link":"https:\/\/edite-de-paris.fr\/index.php\/re-inscription-en-2eme-ou-3eme-annee\/","title":{"rendered":"REINSCRIPTIONS EN 2\u00e8me ET 3\u00e8me ANNEE"},"content":{"rendered":"\n<p class=\"has-white-color has-text-color\">vvvvvvvvvv<\/p>\n\n\n\n<h3 class=\"wp-block-heading\"><strong>Dates d&rsquo;ouverture\/cl\u00f4ture des inscription<\/strong>s :<\/h3>\n\n\n\n<p>Les inscriptions pour l&rsquo;ann\u00e9e universitaire 2025-2026 d\u00e9butent le 23 juin et se terminent le 19 d\u00e9cembre 2025.<\/p>\n\n\n\n<p>Attention pour toute r\u00e9inscription, un comit\u00e9 de suivi doit avoir \u00e9t\u00e9 pr\u00e9alablement r\u00e9alis\u00e9 et envoy\u00e9 \u00e0 l&rsquo;EDITE (<a href=\"mailto:csi@edite-de-paris.fr\">csi@edite-de-paris.fr<\/a>), voir la page d\u00e9di\u00e9e <a href=\"https:\/\/edite-de-paris.fr\/index.php\/comite-de-suivi\/\">ici<\/a><\/p>\n\n\n\n<h3 class=\"wp-block-heading\">Contacts:&nbsp;<\/h3>\n\n\n\n<figure class=\"wp-block-table is-style-stripes\"><table class=\"has-background\" style=\"background-color:#e7f5fe\"><tbody><tr><td>Contact p\u00e9dagogique (\u00e9cole doctorale) :&nbsp;&nbsp;<\/td><td><a href=\"mailto:accueil@edite-de-paris.fr\">accueil@edite-de-paris.fr<\/a><\/td><\/tr><tr><td>Contact administratif :<\/td><td><a href=\"mailto:scolarite.doctorat@sorbonne-universite.fr\">scolarite.doctorat@sorbonne-universite.fr<\/a><\/td><\/tr><tr><td>Assistance ADUM :&nbsp;<\/td><td><a href=\"mailto:webmaster@adum.fr\">webmaster@adum.fr<\/a><\/td><\/tr><tr><td>Assistance CVEC :&nbsp;<\/td><td><a href=\"mailto:https:\/\/www.messervices.etudiant.gouv.fr\/envole\/message\/new\">Formulaire d\u2019assistance<\/a><\/td><\/tr><\/tbody><\/table><\/figure>\n\n\n\n<p>Pour rappel, l\u2019\u00e9cole doctorale n\u2019a comp\u00e9tence \u00e0 r\u00e9pondre que sur les&nbsp;<strong>questions\/probl\u00e9matiques p\u00e9dagogiques<\/strong><\/p>\n\n\n\n<p class=\"has-white-color has-text-color\">vvvvvvvvvv<\/p>\n\n\n\n<h2 class=\"wp-block-heading\">R\u00e9-inscription administrative sur&nbsp;<a href=\"https:\/\/www.adum.fr\">ADUM<\/a><\/h2>\n\n\n\n<p>Votre inscription administrative s\u2019effectue en deux temps&nbsp;:&nbsp;<\/p>\n\n\n\n<ul class=\"wp-block-list\">\n<li>Etude de votre dossier et validation&nbsp;<strong>p\u00e9dagogique<\/strong>&nbsp;par <strong>l\u2019\u00e9cole doctorale<\/strong>&nbsp;sur ADUM&nbsp;<\/li>\n\n\n\n<li>Etude de votre dossier et validation&nbsp;<strong>administrative<\/strong>&nbsp;par le&nbsp;<strong>Bureau d\u2019Accueil des doctorants (BAD<\/strong>) sur ADUM, apr\u00e8s validation de l\u2019\u00e9cole doctorale.&nbsp;&nbsp;<\/li>\n<\/ul>\n\n\n\n<p><em><strong>Votre certificat de scolarit\u00e9 est \u00e9mis&nbsp;<u>par le BAD<\/u>&nbsp;UNIQUEMENT et apr\u00e8s finalisation de toutes les \u00e9tapes de votre inscription administrative et validation par le BAD.&nbsp;<\/strong><\/em><\/p>\n\n\n\n<figure class=\"wp-block-table is-style-stripes\"><table class=\"has-background\" style=\"background-color:#e7f5fe\"><tbody><tr><td>(*)&nbsp;<strong><u>A SAVOIR SUR LES SIGNATURES REQUISES<\/u>&nbsp;:<\/strong><\/td><\/tr><tr><td>Tout document g\u00e9n\u00e9r\u00e9 par ADUM n\u00e9cessitant d\u2019une ou plusieurs signatures doit \u00eatre&nbsp;<strong>IMPERATIVEMENT<\/strong>&nbsp;<strong>sign\u00e9 gr\u00e2ce \u00e0 un logiciel directement sur le fichier pdf<\/strong>. Les documents imprim\u00e9s, sign\u00e9s et scann\u00e9s ne seront pas recevables.&nbsp;<\/td><\/tr><\/tbody><\/table><\/figure>\n\n\n\n<h4 class=\"wp-block-heading\"><strong>Se connecter sur votre  ADUM<\/strong>&nbsp;depuis le lien&nbsp;<a href=\"https:\/\/www.adum.fr\/phd\/profil\/initcpt.pl\">http:\/\/www.adum.fr<\/a><\/h4>\n\n\n\n<p class=\"has-text-align-left\">V\u00e9rifier, compl\u00e9ter et, au besoin, modifier l\u2019ensemble des champs et les rubriques r\u00e9serv\u00e9s \u00e0 l\u2019inscription et sauvegarder.&nbsp;<\/p>\n\n\n\n<h4 class=\"wp-block-heading\"><strong>D\u00e9poser les pi\u00e8ces justificatives sur <a href=\"https:\/\/www.adum.fr\/\">ADUM<\/a> (espaces d\u00e9di\u00e9s) :&nbsp;<\/strong><\/h4>\n\n\n\n<p><strong><em>Pour la validation administrative de votre dossier <\/em><\/strong> :<\/p>\n\n\n\n<ul class=\"wp-block-list\">\n<li> <strong>Le&nbsp;formulaire&nbsp;de d\u00e9claration annuelle de ressources&nbsp;sign\u00e9<\/strong> si vous \u00eates  b\u00e9n\u00e9ficiaires de l&rsquo;aide sp\u00e9cifique aux doctorants boursiers (ASDB) &#8211; ce formulaire est accessible sur votre compte ADUM<\/li>\n\n\n\n<li><strong>Si vous n&rsquo;\u00eates pas concern\u00e9 par l&rsquo;ASDB, une page vierge doit \u00eatre d\u00e9pos\u00e9e. <\/strong><\/li>\n<\/ul>\n\n\n\n<p class=\"has-white-color has-text-color\">&#8230;&#8230;.<\/p>\n\n\n\n<p>Puis<strong>, s\u00e9par\u00e9ment<\/strong>, dans l\u2019espace ADUM d\u00e9di\u00e9&nbsp;:<\/p>\n\n\n\n<ol class=\"wp-block-list\">\n<li><strong>Compte rendu du dernier comit\u00e9 de suivi individuel de th\u00e8se&nbsp;<\/strong>sign\u00e9(*)&nbsp;par les experts. <strong>Pour la toute r\u00e9inscription<\/strong>, le d\u00e9p\u00f4t du compte rendu de comit\u00e9 de suivi est <strong>obligatoire, et son absence bloquante pour la r\u00e9inscription.<\/strong>. <\/li>\n\n\n\n<li><strong>Attestation de paiement de la CVEC <\/strong>:&nbsp;https:\/\/cvec.etudiant.gouv.fr\/&nbsp;Une fois que votre demande d\u2019inscription sera valid\u00e9e par l\u2019\u00e9cole doctorale, vous recevrez un email automatique vous invitant \u00e0 d\u00e9poser votre attestation CVEC dans votre compte ADUM.<\/li>\n<\/ol>\n\n\n\n<p class=\"has-white-color has-text-color\">..<\/p>\n\n\n\n<h4 class=\"wp-block-heading\">D\u00e9p\u00f4t du rapport de comit\u00e9 de suivi sign\u00e9 <\/h4>\n\n\n\n<p>Pour rappel, le rapport de comit\u00e9 de suivi <strong>est obligatoire <\/strong>pour toute r\u00e9inscription.<\/p>\n\n\n\n<p>Le rapport d&rsquo;avancement de vos travaux, pr\u00e9alables \u00e0 votre comit\u00e9 de suivi, est \u00e9galement exig\u00e9. <\/p>\n\n\n\n<ul class=\"wp-block-list\">\n<li>Envoi du rapport du comit\u00e9 de suivi sign\u00e9 par le membre interne et externe \u00e0 l&rsquo;EDITE.<br>Voir&nbsp;<a href=\"https:\/\/edite-de-paris.fr\/index.php\/comite-de-suivi\/\">rubrique d\u00e9di\u00e9e<\/a><\/li>\n<\/ul>\n\n\n\n<ul class=\"wp-block-list\">\n<li>D\u00e9p\u00f4t du rapport de comit\u00e9 de suivi sign\u00e9(*) par le membre interne et externe \u00e0 l&rsquo;EDITE dans l&rsquo;espace d\u00e9di\u00e9 sur ADUM :\n<ul class=\"wp-block-list\">\n<li>Renseigner le membre interne \u00e0 l&rsquo;EDITE. Tous les membres internes sont, sauf erreur, pr\u00e9sents sur ADUM<\/li>\n\n\n\n<li>Renseigner, s&rsquo;il est pr\u00e9sent, le membre externe. A d\u00e9faut, laisser le champ vide<\/li>\n\n\n\n<li>d\u00e9poser le rapport de comit\u00e9 de suivi sign\u00e9s par les deux membres dans l&rsquo;espace ADUM d\u00e9di\u00e9.<\/li>\n\n\n\n<li>Sauvegarder<\/li>\n<\/ul>\n<\/li>\n<\/ul>\n\n\n\n<h2 class=\"wp-block-heading\">Finalisation de votre inscription sur ADUM<\/h2>\n\n\n\n<p>Apr\u00e8s avoir renseign\u00e9 tous les champs et d\u00e9poser l\u2019ensemble des pi\u00e8ces requises, Cliquer sur&nbsp;<strong><em>\u00abTransmission des donn\u00e9es\u00bb<\/em><\/strong>&nbsp;dans la rubrique&nbsp;<strong><em>\u00abJe finalise la proc\u00e9dure\u00bb<\/em><\/strong><\/p>\n\n\n\n<p><a style=\"white-space: normal;\" href=\"https:\/\/edite-de-paris.fr\/wp-content\/uploads\/2026\/01\/SU_Checklist_Inscription_ADUM.pdf\" data-type=\"link\" data-id=\"https:\/\/www.edite-de-paris.fr\/wp-content\/uploads\/2025\/06\/PIF_Nom_Prenom_ADUMnumero.docx\">SU_Checklist_Inscription administrative par l&rsquo;\u00e9tablissement<\/a><\/p>\n\n\n\n<h3 class=\"wp-block-heading\">Circuit de validation de votre inscription administrative<\/h3>\n\n\n\n<p>L&rsquo;ensemble du processus de validation d\u00e9taill\u00e9 ci-dessous s&rsquo;effectue via ADUM.&nbsp;Aucun dossier papier n&rsquo;est accept\u00e9.&nbsp;Aucune communication de documents par mail n&rsquo;est accept\u00e9.<\/p>\n\n\n\n<p><a href=\"https:\/\/edite-de-paris.fr\/wp-content\/uploads\/2026\/01\/SU_Procedure_Reinscription.pdf\" data-type=\"link\" data-id=\"https:\/\/www.edite-de-paris.fr\/wp-content\/uploads\/2025\/06\/PIF_Nom_Prenom_ADUMnumero.docx\">SU_Procedure_Reinscription<\/a><\/p>\n\n\n\n<h4 class=\"wp-block-heading\"><strong>Liens utiles : <\/strong><\/h4>\n\n\n\n<p><a href=\"https:\/\/www.sorbonne-universite.fr\/recherche-et-innovation\/le-doctorat\/demarches-administratives\">https:\/\/www.sorbonne-universite.fr\/recherche-et-innovation\/le-doctorat\/demarches-administratives<\/a><\/p>\n\n\n\n<p class=\"has-white-color has-text-color\">vvvvvvvvvvv<\/p>\n","protected":false},"excerpt":{"rendered":"<p>vvvvvvvvvv Dates d&rsquo;ouverture\/cl\u00f4ture des inscriptions : Les inscriptions pour l&rsquo;ann\u00e9e universitaire 2025-2026 d\u00e9butent le 23 juin et se terminent le 19 d\u00e9cembre 2025. Attention pour toute r\u00e9inscription, un comit\u00e9 de suivi doit avoir \u00e9t\u00e9 pr\u00e9alablement r\u00e9alis\u00e9 et envoy\u00e9 \u00e0 l&rsquo;EDITE (csi@edite-de-paris.fr), voir la page d\u00e9di\u00e9e ici Contacts:&nbsp; Contact p\u00e9dagogique (\u00e9cole doctorale) :&nbsp;&nbsp; accueil@edite-de-paris.fr Contact administratif [&hellip;]<\/p>\n","protected":false},"author":1,"featured_media":0,"parent":0,"menu_order":0,"comment_status":"closed","ping_status":"closed","template":"","meta":{"footnotes":""},"class_list":["post-384","page","type-page","status-publish","hentry"],"_links":{"self":[{"href":"https:\/\/edite-de-paris.fr\/index.php\/wp-json\/wp\/v2\/pages\/384","targetHints":{"allow":["GET"]}}],"collection":[{"href":"https:\/\/edite-de-paris.fr\/index.php\/wp-json\/wp\/v2\/pages"}],"about":[{"href":"https:\/\/edite-de-paris.fr\/index.php\/wp-json\/wp\/v2\/types\/page"}],"author":[{"embeddable":true,"href":"https:\/\/edite-de-paris.fr\/index.php\/wp-json\/wp\/v2\/users\/1"}],"replies":[{"embeddable":true,"href":"https:\/\/edite-de-paris.fr\/index.php\/wp-json\/wp\/v2\/comments?post=384"}],"version-history":[{"count":12,"href":"https:\/\/edite-de-paris.fr\/index.php\/wp-json\/wp\/v2\/pages\/384\/revisions"}],"predecessor-version":[{"id":4224,"href":"https:\/\/edite-de-paris.fr\/index.php\/wp-json\/wp\/v2\/pages\/384\/revisions\/4224"}],"wp:attachment":[{"href":"https:\/\/edite-de-paris.fr\/index.php\/wp-json\/wp\/v2\/media?parent=384"}],"curies":[{"name":"wp","href":"https:\/\/api.w.org\/{rel}","templated":true}]}}