{"id":4338,"date":"2026-02-16T10:02:47","date_gmt":"2026-02-16T09:02:47","guid":{"rendered":"https:\/\/edite-de-paris.fr\/?page_id=4338"},"modified":"2026-04-07T09:54:01","modified_gmt":"2026-04-07T07:54:01","slug":"candidatures","status":"publish","type":"page","link":"https:\/\/edite-de-paris.fr\/index.php\/candidatures\/","title":{"rendered":"Candidatures"},"content":{"rendered":"\n<p>Le d\u00e9p\u00f4t des candidatures se fera du 10 avril au 1er mai \u00e0 23h59, en utilisant le lien suivant : <a href=\"https:\/\/adum.fr\/candidature\">https:\/\/adum.fr\/candidature<\/a><\/p>\n\n\n\n<p>Vous trouverez <a href=\"https:\/\/edite-de-paris.fr\/wp-content\/uploads\/2026\/04\/ADUM_Candidats.pdf\">ici<\/a> un tutoriel pour candidater \u00e0 un ou deux PRD (voir la liste en bas de page).<\/p>\n\n\n\n<p>Attention : si vous soumettez deux candidatures, il est important de les classer par ordre de priorit\u00e9.<\/p>\n\n\n\n<p>Pour toute question, n&rsquo;h\u00e9sitez pas \u00e0 nous contacter aux adresses suivantes :<\/p>\n\n\n\n<ul class=\"wp-block-list\">\n<li><a href=\"mailto:accueil1@edite-de-paris.fr\">accueil1@edite-de-paris.fr<\/a> (pour Sorbonne Universit\u00e9)<\/li>\n\n\n\n<li><a href=\"mailto:accueil2@edite-de-paris.fr\">accueil2@edite-de-paris.fr<\/a> (pour Universit\u00e9 Paris Cit\u00e9)<\/li>\n<\/ul>\n\n\n\n<h1 class=\"wp-block-heading\"><br>Liste de PRD<\/h1>\n\n\n\n<p id=\"block-da027592-15a5-4e11-877e-0928395daefa\"><strong>Commission th\u00e9matique \u00ab\u00a0IA-BD\u00a0\u00bb<\/strong><br><\/p>\n\n\n\n<figure class=\"wp-block-table\"><table class=\"has-fixed-layout\"><tbody><tr><td class=\"has-text-align-center\" data-align=\"center\">Titre<\/td><td class=\"has-text-align-center\" data-align=\"center\">Etablissement<\/td><td class=\"has-text-align-center\" data-align=\"center\">Unit\u00e9 de recherche<\/td><td class=\"has-text-align-center\" data-align=\"center\">Directeur de th\u00e8se<\/td><\/tr><tr><td>Algorithmes d&rsquo;apprentissage par renforcement \u00e0 grande \u00e9chelle pour les grands mod\u00e8les de raisonnement<\/td><td>SU-SIS<\/td><td>ISIR<\/td><td>OYALLON Edouard<\/td><\/tr><tr><td>Am\u00e9lioration de l&rsquo;apprentissage par renforcement multi-objectif et multi-agent<\/td><td>SU-SIS<\/td><td>LIP6<\/td><td>BEYNIER Aur\u00e9lie<\/td><\/tr><tr><td>Analyses de co-\u00e9volution dans les donn\u00e9es pal\u00e9oenvironnementales pour la reconstruction des dynamiques environnementales pass\u00e9es<\/td><td>SU-SIS<\/td><td>LIP6<\/td><td>TABOURIER Lionel<\/td><\/tr><tr><td>Approche neuro-symbolique pour la d\u00e9tection et la correction des incoh\u00e9rences dans les bases de connaissances temporelles<\/td><td>UPCit\u00e9<\/td><td>LIPADE<\/td><td>BENBERNOU Salima<\/td><\/tr><tr><td>Utilisation des m\u00e9thodes de qualit\u00e9-diversit\u00e9 pour l&rsquo;apprentissage par renforcement bas\u00e9 mod\u00e8le et multi-t\u00e2ches<\/td><td>SU-SIS<\/td><td>ISIR<\/td><td>SIGAUD Olivier<\/td><\/tr><tr><td>S\u00e9lection et explicabilit\u00e9 de variables en haute dimension sous fortes corr\u00e9lations pour donn\u00e9es longitudinales multivari\u00e9es<\/td><td>SU-SIS<\/td><td>Institut du cerveau<\/td><td>TEZENAS DU MONTCEL Sophie<\/td><\/tr><tr><td>Diffusion bridge models pour l&rsquo;analyse multi-modale et longitudinale en neuroimagerie de la d\u00e9mence<\/td><td>SU-SIS<\/td><td>Institut du cerveau<\/td><td>BURGOS Ninon<\/td><\/tr><tr><td>L&rsquo;IA g\u00e9n\u00e9rative comme outil pour la pens\u00e9e : conception et \u00e9tude des syst\u00e8mes de soutien cognitif<\/td><td>SU-SIS<\/td><td>ISIR<\/td><td>RAMOS Gonzalo<\/td><\/tr><tr><td>Contr\u00f4le de l&rsquo;incertitude et m\u00e9thodes d&rsquo;apprentissage automatique fiables pour la microscopie \u00e0 super-r\u00e9solution<\/td><td>SU-SIS<\/td><td>BCQS<\/td><td>SOKOLOVSKA Nataliya<\/td><\/tr><tr><td>Nouveaux paradigmes d&rsquo;interaction pour agir avec et \u00e0 travers l&rsquo;IA g\u00e9n\u00e9rative<\/td><td>SU-SIS<\/td><td>ISIR<\/td><td>RAMOS Gonzalo<\/td><\/tr><tr><td>Relaxation des explications formelles : am\u00e9liorer la compr\u00e9hension des d\u00e9cisions de l&rsquo;Intelligence Artificielle<\/td><td>SU-SIS<\/td><td>LIP6<\/td><td>LESOT Marie-Jeanne<\/td><\/tr><tr><td>Evaluation de la qualit\u00e9 des grands mod\u00e8les de langage<\/td><td>UPCit\u00e9<\/td><td>LIPADE<\/td><td>SAHRI Soror<\/td><\/tr><tr><td>Mod\u00e9lisation de la progression de la scl\u00e9rose en plaques \u00e0 partir de grandes bases de donn\u00e9es d&rsquo;historiques m\u00e9dicaux<\/td><td>SU-SIS<\/td><td>Institut du cerveau<\/td><td>DURRLEMAN Stanley<\/td><\/tr><tr><td>GraphRAG Multimodal pour l&rsquo;Interrogation S\u00e9mantique de Publications Scientifiques<\/td><td>SU-SIS<\/td><td>LIP6<\/td><td>AMANN Bernd<\/td><\/tr><tr><td>Mod\u00e9liser et simuler le meta-conensus dans la d\u00e9lib\u00e9ration<\/td><td>SU-SIS<\/td><td>LIP6<\/td><td>MAUDET Nicolas<\/td><\/tr><tr><td>MOD\u00c8LES DE FONDATION POUR LA MATI\u00c8RE NOIRE BIOLOGIQUE : APPRENTISSAGE HYBRIDE S\u00c9QUENCE-STRUCTURE ET D\u00c9COUVERTE Z\u00c9RO-SHOT D&rsquo;EFFECTEURS DE S\u00c9CR\u00c9TION BACT\u00c9RIENNE \u00c0 L&rsquo;\u00c9CHELLE INTERSP\u00c9CIFIQUE<\/td><td>SU-SIS<\/td><td>UMISCO<\/td><td>ZUCKER Jean-Daniel<\/td><\/tr><tr><td>Annoter la diversit\u00e9 des prot\u00e9oformes d&rsquo;\u00e9pissage \u00e0 travers l&rsquo;arbre de la vie<\/td><td>SU-SIS<\/td><td>BCQS<\/td><td>LAINE Elodie<\/td><\/tr><tr><td>G\u00e9n\u00e9ration efficace de donn\u00e9es structur\u00e9es avec les LLMs<\/td><td>SU-SIS<\/td><td>LIP6<\/td><td>BAAZIZI Mohamed-Amine<\/td><\/tr><tr><td>Annotation fonctionnelle de prot\u00e9ines par int\u00e9gration de graphes h\u00e9t\u00e9rog\u00e8nes massifs et apprentissage multimodal \u00e0 large \u00e9chelle<\/td><td>SU-SIS<\/td><td>LIP6<\/td><td>NAACKE Hubert<\/td><\/tr><tr><td>Imputation G\u00e9n\u00e9rative de Modalit\u00e9s par M\u00e9lange d&rsquo;Experts pour la Pr\u00e9diction de Liens en Lacs de Donn\u00e9es Incomplets<\/td><td>SU-SIS<\/td><td>LIP6<\/td><td>AMANN Bernd<\/td><\/tr><tr><td>Apprentissage profond et mod\u00e8les d&rsquo;IA g\u00e9n\u00e9rative en vision machine<\/td><td>SU-SIS<\/td><td>LIP6<\/td><td>SAHBI Hichem<\/td><\/tr><tr><td>Developpement d&rsquo;une m\u00e9thode de Drug design interactif: Chimie g\u00e9n\u00e9rative guid\u00e9e par l&rsquo;utilisateur<\/td><td>SU-SIS<\/td><td>BCQS<\/td><td>MONTES Matthieu<\/td><\/tr><\/tbody><\/table><\/figure>\n\n\n\n<p id=\"block-57fd5773-7a22-4793-b102-277b109c380d\"><strong>Commission th\u00e9matique \u00ab\u00a0RO-Algo-calcul-prog\u00a0\u00bb<\/strong><\/p>\n\n\n\n<figure class=\"wp-block-table\"><table class=\"has-fixed-layout\"><tbody><tr><td class=\"has-text-align-center\" data-align=\"center\">Titre<\/td><td class=\"has-text-align-center\" data-align=\"center\">Etablissement<\/td><td class=\"has-text-align-center\" data-align=\"center\">Unit\u00e9 de recherche<\/td><td class=\"has-text-align-center\" data-align=\"center\">Directeur de th\u00e8se<\/td><\/tr><tr><td>Algorithmes de r\u00e9solution de syst\u00e8mes polynomiaux s&rsquo;appuyant sur les relations de r\u00e9currences lin\u00e9aires<\/td><td>SU-SIS<\/td><td>LIP6<\/td><td>BERTHOMIEU J\u00e9r\u00e9my<\/td><\/tr><tr><td>M\u00e9thodes d&rsquo;\u00e9mulation de pr\u00e9cision pour l&rsquo;alg\u00e8bre lin\u00e9aire en pr\u00e9cision mixte<\/td><td>SU-SIS<\/td><td>LIP6<\/td><td>MARY Theo<\/td><\/tr><tr><td>Mod\u00e8les neutres de r\u00e9seaux complexes int\u00e9grant des contraintes temporelles et d&rsquo;ordre sup\u00e9rieur<\/td><td>SU-SIS<\/td><td>LIP6<\/td><td>TABOURIER Lionel<\/td><\/tr><tr><td>Etude de la complexit\u00e9 param\u00e9tr\u00e9e de l&rsquo;optimisation de la num\u00e9rotation topologique d&rsquo;un graphe orient\u00e9 sans circuit<\/td><td>SU-SIS<\/td><td>LIP6<\/td><td>MUNIER Alix<\/td><\/tr><tr><td>Protocoles de mise en gage et s\u00e9curit\u00e9 post-quantique<\/td><td>SU-SIS<\/td><td>LIP6<\/td><td>VERGNAUD Damien<\/td><\/tr><tr><td>D\u00e9cision collective multicrit\u00e8re<\/td><td>SU-SIS<\/td><td>LIP6<\/td><td>PASCUAL Fanny<\/td><\/tr><tr><td>Boucles exp\u00e9rimentales guid\u00e9es par LLM pour la g\u00e9n\u00e9ration automatique de m\u00e9ta-heuristiques, application \u00e0 la s\u00e9lection de variables pour la Scl\u00e9rose Lat\u00e9rale Amyotrophique<\/td><td>SU-SIS<\/td><td>LIP6<\/td><td>PRADAT-PEYRE Jean-Francois<\/td><\/tr><tr><td>V\u00e9rification formelle hybride, scalable et explicable de contrats intelligents (smart contracts) des blockchains.<\/td><td>SU-SIS<\/td><td>LIP6<\/td><td>PRADAT-PEYRE Jean-Francois<\/td><\/tr><\/tbody><\/table><\/figure>\n\n\n\n<p id=\"block-171a1cec-276d-4ead-ac6f-09cc22fe81de\"><strong>Commission th\u00e9matique \u00ab\u00a0Electronique, Image et Signal\u00a0\u00bb<\/strong><\/p>\n\n\n\n<figure class=\"wp-block-table\"><table class=\"has-fixed-layout\"><tbody><tr><td class=\"has-text-align-center\" data-align=\"center\">Titre<\/td><td class=\"has-text-align-center\" data-align=\"center\">Etablissement<\/td><td class=\"has-text-align-center\" data-align=\"center\">Unit\u00e9 de recherche<\/td><td class=\"has-text-align-center\" data-align=\"center\">Directeur de th\u00e8se<\/td><\/tr><tr><td>Contribution \u00e0 la conception d&rsquo;un syst\u00e8me int\u00e9gr\u00e9 de mesure d\u00e9di\u00e9 \u00e0 la spectroscopie d&rsquo;imp\u00e9dance pour le vivant<\/td><td>SU-SIS<\/td><td>LIP6<\/td><td>FERUGLIO Sylvain<\/td><\/tr><tr><td>Acc\u00e9l\u00e9rateur IA mat\u00e9riel sur puce pour la couche physique des \u00e9metteurs-r\u00e9cepteurs 6G natif-IA<\/td><td>SU-SIS<\/td><td>LIP6<\/td><td>ABOUSHADY Hassan<\/td><\/tr><tr><td>Apprentissage auto-supervis\u00e9 efficace d&rsquo;images sous-marines \u00e0 l&rsquo;aide de la distillation de jeux de donn\u00e9es<\/td><td>UPCit\u00e9<\/td><td>LIPADE<\/td><td>WENDLING Laurent<\/td><\/tr><tr><td>Apprentissage de repr\u00e9sentations d&rsquo;images inform\u00e9 par la spatialit\u00e9 et la s\u00e9mantique des sc\u00e8nes<\/td><td>UPCit\u00e9<\/td><td>LIPADE<\/td><td>KURTZ Camille<\/td><\/tr><tr><td>Optimisation de l&rsquo;autonomie \u00e9nerg\u00e9tique de syst\u00e8mes embarqu\u00e9s par agents LLM<\/td><td>SU-SIS<\/td><td>LIP6<\/td><td>HACHICHA Khalil<\/td><\/tr><tr><td>De l&rsquo;histologie vers la transcriptomique spatiale via des approches d&rsquo;IA g\u00e9n\u00e9rative : application aux interactions vasculaires\u2013tumorales dans le glioblastome<\/td><td>SU-SIS<\/td><td>Institut du cerveau<\/td><td>RACOCEANU Daniel<\/td><\/tr><tr><td>Segmentation 3D+temps de l&rsquo;aorte humaine en IRM : approche par adaptation de domaine vers une application multi-sites et multi-constructeurs<\/td><td>SU-SIS<\/td><td>LIB<\/td><td>KACHENOURA Nadjia<\/td><\/tr><tr><td>D\u00e9tection et segmentation de sites arch\u00e9ologiques par apprentissage profond en imagerie a\u00e9rienne et satellitaire multi-\u00e9chelle<\/td><td>SU-SIS<\/td><td>LIP6<\/td><td>BEREZIAT Dominique<\/td><\/tr><tr><td>Convertisseurs d&rsquo;\u00e9nergie int\u00e9gr\u00e9s sur puce pour pour les sources d&rsquo;\u00e9nergie autonomes \u00e0 base des circuits \u00e0 capacit\u00e9s commut\u00e9es<\/td><td>SU-SIS<\/td><td>LIP6<\/td><td>GALAYKO Dimitri<\/td><\/tr><tr><td>Antennes \u00e0 ondes de fuite pour les syst\u00e8mes int\u00e9gr\u00e9s de d\u00e9tection et de communication en champ proche<\/td><td>SU-SIS<\/td><td>Geeps<\/td><td>SARRAZIN Julien<\/td><\/tr><tr><td>R\u00c9SEAUX DE NEURONES PROFONDS POUR L&rsquo;ANALYSE DES NUAGES DE POINTS 3D EN VISION PAR ORDINATEURS<\/td><td>SU-SIS<\/td><td>LIP6<\/td><td>SAHBI Hichem<\/td><\/tr><\/tbody><\/table><\/figure>\n\n\n\n<p id=\"block-8d62c10b-4534-46a3-b788-3ee8e9b4c636\"><strong>Commission th\u00e9matique \u00ab\u00a0Communications, R\u00e9seaux et Syst\u00e8mes\u00a0\u00bb<\/strong><\/p>\n\n\n\n<figure class=\"wp-block-table\"><table class=\"has-fixed-layout\"><tbody><tr><td class=\"has-text-align-center\" data-align=\"center\">Titre<\/td><td class=\"has-text-align-center\" data-align=\"center\">Etablissement<\/td><td class=\"has-text-align-center\" data-align=\"center\">Unit\u00e9 de recherche<\/td><td class=\"has-text-align-center\" data-align=\"center\">Directeur de th\u00e8se<\/td><\/tr><tr><td>Mod\u00e9lisation et pr\u00e9diction des impacts globaux du num\u00e9rique vert pour les d\u00e9cideurs<\/td><td>SU-SIS<\/td><td>LIP6<\/td><td>NOUREDDINE Adel<\/td><\/tr><tr><td>S\u00e9curisation des mod\u00e8les d&rsquo;intelligence artificielle dans l&rsquo;Internet of Medical Things (IoMT)<\/td><td>UPCit\u00e9<\/td><td>Centre Borelli<\/td><td>SALEM Osman<\/td><\/tr><tr><td>R\u00e9duction des co\u00fbts de synchronisation dans les mulitcoeurs \u00e0 l&rsquo;interface noyau\/application<\/td><td>SU-SIS<\/td><td>LIP6<\/td><td>SENS Pierre<\/td><\/tr><tr><td>Sur la complexit\u00e9 algorithmique des algorithmes auto-stabilisants<\/td><td>SU-SIS<\/td><td>LIP6<\/td><td>TIXEUIL S\u00e9bastien<\/td><\/tr><tr><td>Orchestration multicouche \u00e9co-responsable pour les r\u00e9seaux (O-RAN)<\/td><td>SU-SIS<\/td><td>LIP6<\/td><td>BUI-XUAN Binh-Minh<\/td><\/tr><tr><td>Ressources quantiques pour les r\u00e9seaux quantiques<\/td><td>SU-SIS<\/td><td>LIP6<\/td><td>MARKHAM Damian<\/td><\/tr><tr><td>Perfectionnement de l&rsquo;observation du routage Internet<\/td><td>SU-SIS<\/td><td>LIP6<\/td><td>FRIEDMAN Timur<\/td><\/tr><tr><td>D\u00e9tection intelligente et adaptative des menaces dans les r\u00e9seaux de nouvelle g\u00e9n\u00e9ration \u00e0 l&rsquo;aide de l&rsquo;apprentissage automatique et de l&rsquo;analyse comportementale profonde<\/td><td>UPCit\u00e9<\/td><td>LIPADE<\/td><td>NAIT-ABDESSELAM Farid<\/td><\/tr><tr><td>Diagnostic assist\u00e9 par l&rsquo;IA et observabilit\u00e9 adaptative pour les services r\u00e9seau softwaris\u00e9s<\/td><td>SU-SIS<\/td><td>LIP6<\/td><td>GIOVANIDIS Anastasios<\/td><\/tr><tr><td>S\u00e9curisation de l&rsquo;apprentissage f\u00e9d\u00e9r\u00e9 dans les IoMTs<\/td><td>UPCit\u00e9<\/td><td>Centre Borelli<\/td><td>SALEM Osman<\/td><\/tr><tr><td>R\u00e9seaux sans-fil souverains : approches intelligentes pour une connectivit\u00e9 r\u00e9siliente.<\/td><td>SU-SIS<\/td><td>LIP6<\/td><td>FLADENMULLER Anne<\/td><\/tr><tr><td>Cybers\u00e9curit\u00e9 des Syst\u00e8mes Temps R\u00e9els<\/td><td>SU-SIS<\/td><td>LIP6<\/td><td>THIERRY-MIEG Yann<\/td><\/tr><\/tbody><\/table><\/figure>\n\n\n\n<p id=\"block-a489ad3f-a6ca-4ffd-a927-46acff59c708\"><\/p>\n","protected":false},"excerpt":{"rendered":"<p>Le d\u00e9p\u00f4t des candidatures se fera du 10 avril au 1er mai \u00e0 23h59, en utilisant le lien suivant : https:\/\/adum.fr\/candidature Vous trouverez ici un tutoriel pour candidater \u00e0 un ou deux PRD (voir la liste en bas de page). Attention : si vous soumettez deux candidatures, il est important de les classer par ordre [&hellip;]<\/p>\n","protected":false},"author":1,"featured_media":0,"parent":0,"menu_order":0,"comment_status":"closed","ping_status":"closed","template":"","meta":{"footnotes":""},"class_list":["post-4338","page","type-page","status-publish","hentry"],"_links":{"self":[{"href":"https:\/\/edite-de-paris.fr\/index.php\/wp-json\/wp\/v2\/pages\/4338","targetHints":{"allow":["GET"]}}],"collection":[{"href":"https:\/\/edite-de-paris.fr\/index.php\/wp-json\/wp\/v2\/pages"}],"about":[{"href":"https:\/\/edite-de-paris.fr\/index.php\/wp-json\/wp\/v2\/types\/page"}],"author":[{"embeddable":true,"href":"https:\/\/edite-de-paris.fr\/index.php\/wp-json\/wp\/v2\/users\/1"}],"replies":[{"embeddable":true,"href":"https:\/\/edite-de-paris.fr\/index.php\/wp-json\/wp\/v2\/comments?post=4338"}],"version-history":[{"count":21,"href":"https:\/\/edite-de-paris.fr\/index.php\/wp-json\/wp\/v2\/pages\/4338\/revisions"}],"predecessor-version":[{"id":4390,"href":"https:\/\/edite-de-paris.fr\/index.php\/wp-json\/wp\/v2\/pages\/4338\/revisions\/4390"}],"wp:attachment":[{"href":"https:\/\/edite-de-paris.fr\/index.php\/wp-json\/wp\/v2\/media?parent=4338"}],"curies":[{"name":"wp","href":"https:\/\/api.w.org\/{rel}","templated":true}]}}